{"version":"1.0","provider_name":"\u0628\u0648\u0627\u0628\u0629 \u0627\u0644\u062c\u0645\u0627\u0639\u0627\u062a \u0627\u0644\u0645\u062d\u0644\u064a\u0629","provider_url":"http:\/\/www.collectiviteslocales.gov.tn\/fr\/","title":"Haut Conseil des Collectivit\u00e9s Locales - \u0628\u0648\u0627\u0628\u0629 \u0627\u0644\u062c\u0645\u0627\u0639\u0627\u062a \u0627\u0644\u0645\u062d\u0644\u064a\u0629","type":"rich","width":600,"height":338,"html":"<blockquote class=\"wp-embedded-content\"><a href=\"http:\/\/www.collectiviteslocales.gov.tn\/fr\/haut-conseil-des-collectivites-locales\/\">Haut Conseil des Collectivit\u00e9s Locales<\/a><\/blockquote>\n<script type='text\/javascript'>\n<!--\/\/--><![CDATA[\/\/><!--\n\t\t\/*! This file is auto-generated *\/\n\t\t!function(c,d){\"use strict\";var e=!1,n=!1;if(d.querySelector)if(c.addEventListener)e=!0;if(c.wp=c.wp||{},!c.wp.receiveEmbedMessage)if(c.wp.receiveEmbedMessage=function(e){var t=e.data;if(t)if(t.secret||t.message||t.value)if(!\/[^a-zA-Z0-9]\/.test(t.secret)){for(var r,a,i,s=d.querySelectorAll('iframe[data-secret=\"'+t.secret+'\"]'),n=d.querySelectorAll('blockquote[data-secret=\"'+t.secret+'\"]'),o=0;o<n.length;o++)n[o].style.display=\"none\";for(o=0;o<s.length;o++)if(r=s[o],e.source===r.contentWindow){if(r.removeAttribute(\"style\"),\"height\"===t.message){if(1e3<(i=parseInt(t.value,10)))i=1e3;else if(~~i<200)i=200;r.height=i}if(\"link\"===t.message)if(a=d.createElement(\"a\"),i=d.createElement(\"a\"),a.href=r.getAttribute(\"src\"),i.href=t.value,i.host===a.host)if(d.activeElement===r)c.top.location.href=t.value}}},e)c.addEventListener(\"message\",c.wp.receiveEmbedMessage,!1),d.addEventListener(\"DOMContentLoaded\",t,!1),c.addEventListener(\"load\",t,!1);function t(){if(!n){n=!0;for(var e,t,r=-1!==navigator.appVersion.indexOf(\"MSIE 10\"),a=!!navigator.userAgent.match(\/Trident.*rv:11\\.\/),i=d.querySelectorAll(\"iframe.wp-embedded-content\"),s=0;s<i.length;s++){if(!(e=i[s]).getAttribute(\"data-secret\"))t=Math.random().toString(36).substr(2,10),e.src+=\"#?secret=\"+t,e.setAttribute(\"data-secret\",t);if(r||a)(t=e.cloneNode(!0)).removeAttribute(\"security\"),e.parentNode.replaceChild(t,e)}}}}(window,document);\n\/\/--><!]]>\n<\/script><iframe sandbox=\"allow-scripts\" security=\"restricted\" src=\"http:\/\/www.collectiviteslocales.gov.tn\/fr\/haut-conseil-des-collectivites-locales\/embed\/\" width=\"600\" height=\"338\" title=\"\u00ab\u00a0Haut Conseil des Collectivit\u00e9s Locales\u00a0\u00bb &#8212; \u0628\u0648\u0627\u0628\u0629 \u0627\u0644\u062c\u0645\u0627\u0639\u0627\u062a \u0627\u0644\u0645\u062d\u0644\u064a\u0629\" frameborder=\"0\" marginwidth=\"0\" marginheight=\"0\" scrolling=\"no\" class=\"wp-embedded-content\"><\/iframe>","description":"Le Haut Conseil des collectivit\u00e9s locales est charg\u00e9 de : l\u2019examen des questions relatives au d\u00e9veloppement et \u00e0 l\u2019\u00e9quilibre entre les r\u00e9gions, la coordination entre les politiques publiques, les plans, les programmes et les projets nationaux et locaux, la coordination avec les instances constitutionnelles et les minist\u00e8res concern\u00e9s par les affaires locales et la coop\u00e9ration &hellip;"}