{"id":3365,"date":"2019-11-11T17:55:02","date_gmt":"2019-11-11T16:55:02","guid":{"rendered":"http:\/\/www.collectiviteslocales.gov.tn\/?page_id=3365"},"modified":"2019-11-11T17:55:04","modified_gmt":"2019-11-11T16:55:04","slug":"haut-conseil-des-collectivites-locales","status":"publish","type":"page","link":"http:\/\/www.collectiviteslocales.gov.tn\/fr\/haut-conseil-des-collectivites-locales\/","title":{"rendered":"Haut Conseil des Collectivit\u00e9s Locales"},"content":{"rendered":"\n<p>Le Haut Conseil des collectivit\u00e9s locales est charg\u00e9 de :<\/p>\n\n\n\n<ul><li>l\u2019examen des questions relatives\nau d\u00e9veloppement et \u00e0 l\u2019\u00e9quilibre entre les\nr\u00e9gions,<\/li><li>la coordination entre les politiques publiques, les plans,\nles programmes et les projets nationaux\net locaux,<\/li><li>la coordination avec les instances\nconstitutionnelles et les minist\u00e8res concern\u00e9s par les affaires locales et la\ncoop\u00e9ration internationale d\u00e9centralis\u00e9e,<\/li><li>l\u2019\u00e9tude des moyens pour promouvoir\nla coop\u00e9ration et la concertation entre les diff\u00e9rentes collectivit\u00e9s locales,<\/li><li>le suivi des programmes de\nformation au profit des \u00e9lus locaux et des agents des collectivit\u00e9s locales.<\/li><\/ul>\n\n\n\n<p>Le Haut Conseil\npeut pr\u00e9senter des propositions aux pouvoirs publics.<\/p>\n\n\n\n<p>Le Haut Conseil des collectivit\u00e9s locales est compos\u00e9 comme suit :<\/p>\n\n\n\n<ul><li>un pr\u00e9sident de commune sur chaque r\u00e9gion, \u00e9lu par ses pairs de\nla m\u00eame r\u00e9gion, sur convocation du gouverneur territorialement comp\u00e9tent et ce\ndans un d\u00e9lai ne d\u00e9passant pas les deux mois \u00e0 partir de la date de\nproclamation des r\u00e9sultats d\u00e9finitifs des \u00e9lections municipales,<\/li><li>les pr\u00e9sidents des conseils municipaux des quatre municipalit\u00e9s\nles plus peupl\u00e9es, sous r\u00e9serve qu\u2019elles appartiennent \u00e0 des r\u00e9gions diff\u00e9rentes,<\/li><li>les pr\u00e9sidents des conseils municipaux des quatre municipalit\u00e9s\ncommunes affichant le plus faible indice de d\u00e9veloppement, sous r\u00e9serve\nqu\u2019elles appartiennent \u00e0 des r\u00e9gions diff\u00e9rentes,<\/li><li>les pr\u00e9sidents des r\u00e9gions,<\/li><li>les pr\u00e9sidents des districts.<\/li><\/ul>\n\n\n\n<p>Le pr\u00e9sident de l\u2019association des villes tunisiennes la plus repr\u00e9sentative et un des repr\u00e9sentants non \u00e9lus de la Haute Instance des finances locales assistent aux sessions du Haut Conseil sans droit de vote.<\/p>\n\n\n\n<p>Le pr\u00e9sident du Haut Conseil peut inviter toute personne dont la pr\u00e9sence est jug\u00e9e utile sans participation au vote. <\/p>\n\n\n\n<p style=\"color:#ff0000\" class=\"has-text-color\"><br> Articles 47,48 du code des collectivit\u00e9s locales <\/p>\n","protected":false},"excerpt":{"rendered":"<p>Le Haut Conseil des collectivit\u00e9s locales est charg\u00e9 de : l\u2019examen des questions relatives au d\u00e9veloppement et \u00e0 l\u2019\u00e9quilibre entre les r\u00e9gions,la coordination entre les politiques publiques, les plans, les programmes et les projets nationaux et locaux,la coordination avec les instances constitutionnelles et les minist\u00e8res concern\u00e9s par les affaires locales et la coop\u00e9ration internationale d\u00e9centralis\u00e9e,l\u2019\u00e9tude &hellip;<\/p>\n","protected":false},"author":4,"featured_media":0,"parent":0,"menu_order":0,"comment_status":"closed","ping_status":"closed","template":"","meta":[],"yoast_head":"<!-- This site is optimized with the Yoast SEO plugin v16.3 - https:\/\/yoast.com\/wordpress\/plugins\/seo\/ -->\n<title>Haut Conseil des Collectivit\u00e9s Locales - \u0628\u0648\u0627\u0628\u0629 \u0627\u0644\u062c\u0645\u0627\u0639\u0627\u062a \u0627\u0644\u0645\u062d\u0644\u064a\u0629<\/title>\n<meta name=\"robots\" content=\"index, follow, max-snippet:-1, max-image-preview:large, max-video-preview:-1\" \/>\n<link rel=\"canonical\" href=\"http:\/\/www.collectiviteslocales.gov.tn\/fr\/haut-conseil-des-collectivites-locales\/\" \/>\n<meta property=\"og:locale\" content=\"fr_FR\" \/>\n<meta property=\"og:type\" content=\"article\" \/>\n<meta property=\"og:title\" content=\"Haut Conseil des Collectivit\u00e9s Locales - \u0628\u0648\u0627\u0628\u0629 \u0627\u0644\u062c\u0645\u0627\u0639\u0627\u062a \u0627\u0644\u0645\u062d\u0644\u064a\u0629\" \/>\n<meta property=\"og:description\" content=\"Le Haut Conseil des collectivit\u00e9s locales est charg\u00e9 de : l\u2019examen des questions relatives au d\u00e9veloppement et \u00e0 l\u2019\u00e9quilibre entre les r\u00e9gions,la coordination entre les politiques publiques, les plans, les programmes et les projets nationaux et locaux,la coordination avec les instances constitutionnelles et les minist\u00e8res concern\u00e9s par les affaires locales et la coop\u00e9ration internationale d\u00e9centralis\u00e9e,l\u2019\u00e9tude &hellip;\" \/>\n<meta property=\"og:url\" content=\"http:\/\/www.collectiviteslocales.gov.tn\/fr\/haut-conseil-des-collectivites-locales\/\" \/>\n<meta property=\"og:site_name\" content=\"\u0628\u0648\u0627\u0628\u0629 \u0627\u0644\u062c\u0645\u0627\u0639\u0627\u062a \u0627\u0644\u0645\u062d\u0644\u064a\u0629\" \/>\n<meta property=\"article:modified_time\" content=\"2019-11-11T16:55:04+00:00\" \/>\n<meta name=\"twitter:card\" content=\"summary_large_image\" \/>\n<meta name=\"twitter:label1\" content=\"Dur\u00e9e de lecture est.\">\n\t<meta name=\"twitter:data1\" content=\"2 minutes\">\n<script type=\"application\/ld+json\" class=\"yoast-schema-graph\">{\"@context\":\"https:\/\/schema.org\",\"@graph\":[{\"@type\":\"WebSite\",\"@id\":\"http:\/\/www.collectiviteslocales.gov.tn\/#website\",\"url\":\"http:\/\/www.collectiviteslocales.gov.tn\/\",\"name\":\"\\u0628\\u0648\\u0627\\u0628\\u0629 \\u0627\\u0644\\u062c\\u0645\\u0627\\u0639\\u0627\\u062a \\u0627\\u0644\\u0645\\u062d\\u0644\\u064a\\u0629\",\"description\":\"\\u0628\\u0648\\u0627\\u0628\\u0629 \\u0627\\u0644\\u062c\\u0645\\u0627\\u0639\\u0627\\u062a \\u0627\\u0644\\u0645\\u062d\\u0644\\u064a\\u0629\",\"potentialAction\":[{\"@type\":\"SearchAction\",\"target\":\"http:\/\/www.collectiviteslocales.gov.tn\/?s={search_term_string}\",\"query-input\":\"required name=search_term_string\"}],\"inLanguage\":\"fr-FR\"},{\"@type\":\"WebPage\",\"@id\":\"http:\/\/www.collectiviteslocales.gov.tn\/fr\/haut-conseil-des-collectivites-locales\/#webpage\",\"url\":\"http:\/\/www.collectiviteslocales.gov.tn\/fr\/haut-conseil-des-collectivites-locales\/\",\"name\":\"Haut Conseil des Collectivit\\u00e9s Locales - \\u0628\\u0648\\u0627\\u0628\\u0629 \\u0627\\u0644\\u062c\\u0645\\u0627\\u0639\\u0627\\u062a \\u0627\\u0644\\u0645\\u062d\\u0644\\u064a\\u0629\",\"isPartOf\":{\"@id\":\"http:\/\/www.collectiviteslocales.gov.tn\/#website\"},\"datePublished\":\"2019-11-11T16:55:02+00:00\",\"dateModified\":\"2019-11-11T16:55:04+00:00\",\"breadcrumb\":{\"@id\":\"http:\/\/www.collectiviteslocales.gov.tn\/fr\/haut-conseil-des-collectivites-locales\/#breadcrumb\"},\"inLanguage\":\"fr-FR\",\"potentialAction\":[{\"@type\":\"ReadAction\",\"target\":[\"http:\/\/www.collectiviteslocales.gov.tn\/fr\/haut-conseil-des-collectivites-locales\/\"]}]},{\"@type\":\"BreadcrumbList\",\"@id\":\"http:\/\/www.collectiviteslocales.gov.tn\/fr\/haut-conseil-des-collectivites-locales\/#breadcrumb\",\"itemListElement\":[{\"@type\":\"ListItem\",\"position\":1,\"item\":{\"@type\":\"WebPage\",\"@id\":\"http:\/\/www.collectiviteslocales.gov.tn\/\",\"url\":\"http:\/\/www.collectiviteslocales.gov.tn\/\",\"name\":\"Accueil\"}},{\"@type\":\"ListItem\",\"position\":2,\"item\":{\"@id\":\"http:\/\/www.collectiviteslocales.gov.tn\/fr\/haut-conseil-des-collectivites-locales\/#webpage\"}}]}]}<\/script>\n<!-- \/ Yoast SEO plugin. -->","_links":{"self":[{"href":"http:\/\/www.collectiviteslocales.gov.tn\/fr\/wp-json\/wp\/v2\/pages\/3365"}],"collection":[{"href":"http:\/\/www.collectiviteslocales.gov.tn\/fr\/wp-json\/wp\/v2\/pages"}],"about":[{"href":"http:\/\/www.collectiviteslocales.gov.tn\/fr\/wp-json\/wp\/v2\/types\/page"}],"author":[{"embeddable":true,"href":"http:\/\/www.collectiviteslocales.gov.tn\/fr\/wp-json\/wp\/v2\/users\/4"}],"replies":[{"embeddable":true,"href":"http:\/\/www.collectiviteslocales.gov.tn\/fr\/wp-json\/wp\/v2\/comments?post=3365"}],"version-history":[{"count":1,"href":"http:\/\/www.collectiviteslocales.gov.tn\/fr\/wp-json\/wp\/v2\/pages\/3365\/revisions"}],"predecessor-version":[{"id":3376,"href":"http:\/\/www.collectiviteslocales.gov.tn\/fr\/wp-json\/wp\/v2\/pages\/3365\/revisions\/3376"}],"wp:attachment":[{"href":"http:\/\/www.collectiviteslocales.gov.tn\/fr\/wp-json\/wp\/v2\/media?parent=3365"}],"curies":[{"name":"wp","href":"https:\/\/api.w.org\/{rel}","templated":true}]}}