{"id":960,"date":"2018-11-12T16:42:49","date_gmt":"2018-11-12T15:42:49","guid":{"rendered":"http:\/\/www.collectiviteslocales.gov.tn\/?page_id=960"},"modified":"2019-03-21T09:25:45","modified_gmt":"2019-03-21T08:25:45","slug":"pai-des-communes","status":"publish","type":"page","link":"http:\/\/www.collectiviteslocales.gov.tn\/fr\/pai-des-communes\/","title":{"rendered":"PAI des communes"},"content":{"rendered":"<p>C\u2019est le programme annuel des projets municipaux retenus et approuv\u00e9s par le conseil municipal dans le cadre du PIC et qui seront ex\u00e9cut\u00e9s durant l\u2019ann\u00e9e \u00abn\u00bb. La circulaire N\u00b04 du 7 mars 2014 a classifi\u00e9 la typologie des projets communaux comme suivant :<\/p>\n<div class=\"clear\"><\/div><div class=\"toggle open\"><h3 class=\"toggle-head-open\"><strong>Projets \u00e0 caract\u00e8re local<\/strong><i class=\"fa fa-angle-up\"><\/i><\/h3><h3 class=\"toggle-head-close\"><strong>Projets \u00e0 caract\u00e8re local<\/strong><i class=\"fa fa-angle-down\"><\/i><\/h3><div class=\"toggle-content\">\n\t\t\t\n<ul>\n<li>L\u2019infrastructure.<\/li>\n<li>L\u2019am\u00e9nagement.<\/li>\n<li>Les projets \u00e0 caract\u00e8re \u00e9conomique.<\/li>\n<li>Les b\u00e2timents administratifs.<\/li>\n<li>L\u2019acquisition des \u00e9quipements et du mat\u00e9riel informatique.<\/li>\n<li>L\u2019entretien et la maintenance.<\/li>\n<li>Les \u00e9tudes.<\/li>\n<\/ul>\n\n\t\t\t<\/div><\/div>\n<div class=\"clear\"><\/div><div class=\"toggle close\"><h3 class=\"toggle-head-open\"><strong>Projets intercommunaux ou en partenariat avec le secteur public<\/strong><i class=\"fa fa-angle-up\"><\/i><\/h3><h3 class=\"toggle-head-close\"><strong>Projets intercommunaux ou en partenariat avec le secteur public<\/strong><i class=\"fa fa-angle-down\"><\/i><\/h3><div class=\"toggle-content\">\n\t\t\t\n<ul>\n<li><strong>Projets intercommunaux : <\/strong>\n<ul>\n<li>L\u2019infrastructure.<\/li>\n<li>L\u2019am\u00e9nagement.<\/li>\n<li>Les projets \u00e0 caract\u00e8re \u00e9conomique.<\/li>\n<li>L\u2019acquisition des \u00e9quipements.<\/li>\n<li>Les \u00e9tudes.Projets \u00e0 caract\u00e8re r\u00e9gional :<\/li>\n<li>Les parcs urbains.<\/li>\n<li>Les projets \u00e0 caract\u00e8re \u00e9conomique.<\/li>\n<li>Autres projets.<\/li>\n<\/ul>\n<\/li>\n<li><strong>Projets \u00e0 caract\u00e8re national :<br \/>\n<\/strong>&nbsp;<\/p>\n<ul>\n<li>Les projets sportifs, culturels, juv\u00e9niles ou destin\u00e9s \u00e0 la femme et l\u2019enfant.<\/li>\n<li>R\u00e9habilitation des quartiers populaires.<\/li>\n<li>Circuits de distribution des produits de l\u2019agriculture et de la p\u00eache.<\/li>\n<li>Autres projets.<\/li>\n<\/ul>\n<\/li>\n<\/ul>\n\n\t\t\t<\/div><\/div>\n<div class=\"clear\"><\/div><div class=\"toggle close\"><h3 class=\"toggle-head-open\"><strong>Projets de partenariat entre le secteur public et priv\u00e9<\/strong><i class=\"fa fa-angle-up\"><\/i><\/h3><h3 class=\"toggle-head-close\"><strong>Projets de partenariat entre le secteur public et priv\u00e9<\/strong><i class=\"fa fa-angle-down\"><\/i><\/h3><div class=\"toggle-content\">\n\t\t\t\n<ul>\n<li>Les parcs urbains.<\/li>\n<li>Gestion et valorisation des d\u00e9chets.<\/li>\n<li>Autres projets.<\/li>\n<\/ul>\n\n\t\t\t<\/div><\/div>\n<div class=\"clear\"><\/div><div class=\"toggle close\"><h3 class=\"toggle-head-open\"><strong>Projets en partenariat avec la soci\u00e9t\u00e9 civile<\/strong><i class=\"fa fa-angle-up\"><\/i><\/h3><h3 class=\"toggle-head-close\"><strong>Projets en partenariat avec la soci\u00e9t\u00e9 civile<\/strong><i class=\"fa fa-angle-down\"><\/i><\/h3><div class=\"toggle-content\">\n\t\t\t\n<ul>\n<li>Am\u00e9nagement et entretien des espaces verts.<\/li>\n<li>Les parcs d\u2019attraction.<\/li>\n<li>Am\u00e9nagement et entretien des \u00e9quipements socio-collectifs urbains.<\/li>\n<li>Les stades des quartiers.<\/li>\n<li>Entretien des cimeti\u00e8res.<\/li>\n<li>Autres projets.<\/li>\n<\/ul>\n\n\t\t\t<\/div><\/div>\n","protected":false},"excerpt":{"rendered":"<p>C\u2019est le programme annuel des projets municipaux retenus et approuv\u00e9s par le conseil municipal dans le cadre du PIC et qui seront ex\u00e9cut\u00e9s durant l\u2019ann\u00e9e \u00abn\u00bb. La circulaire N\u00b04 du 7 mars 2014 a classifi\u00e9 la typologie des projets communaux comme suivant :<\/p>\n","protected":false},"author":1,"featured_media":0,"parent":0,"menu_order":0,"comment_status":"closed","ping_status":"closed","template":"","meta":[],"yoast_head":"<!-- This site is optimized with the Yoast SEO plugin v16.3 - https:\/\/yoast.com\/wordpress\/plugins\/seo\/ -->\n<title>PAI des communes - \u0628\u0648\u0627\u0628\u0629 \u0627\u0644\u062c\u0645\u0627\u0639\u0627\u062a \u0627\u0644\u0645\u062d\u0644\u064a\u0629<\/title>\n<meta name=\"robots\" content=\"index, follow, max-snippet:-1, max-image-preview:large, max-video-preview:-1\" \/>\n<link rel=\"canonical\" href=\"http:\/\/www.collectiviteslocales.gov.tn\/fr\/pai-des-communes\/\" \/>\n<meta property=\"og:locale\" content=\"fr_FR\" \/>\n<meta property=\"og:type\" content=\"article\" \/>\n<meta property=\"og:title\" content=\"PAI des communes - \u0628\u0648\u0627\u0628\u0629 \u0627\u0644\u062c\u0645\u0627\u0639\u0627\u062a \u0627\u0644\u0645\u062d\u0644\u064a\u0629\" \/>\n<meta property=\"og:description\" content=\"C\u2019est le programme annuel des projets municipaux retenus et approuv\u00e9s par le conseil municipal dans le cadre du PIC et qui seront ex\u00e9cut\u00e9s durant l\u2019ann\u00e9e \u00abn\u00bb. La circulaire N\u00b04 du 7 mars 2014 a classifi\u00e9 la typologie des projets communaux comme suivant :\" \/>\n<meta property=\"og:url\" content=\"http:\/\/www.collectiviteslocales.gov.tn\/pai-des-communes\/\" \/>\n<meta property=\"og:site_name\" content=\"\u0628\u0648\u0627\u0628\u0629 \u0627\u0644\u062c\u0645\u0627\u0639\u0627\u062a \u0627\u0644\u0645\u062d\u0644\u064a\u0629\" \/>\n<meta property=\"article:modified_time\" content=\"2019-03-21T08:25:45+00:00\" \/>\n<meta name=\"twitter:card\" content=\"summary_large_image\" \/>\n<meta name=\"twitter:label1\" content=\"Dur\u00e9e de lecture est.\">\n\t<meta name=\"twitter:data1\" content=\"1 minute\">\n<script type=\"application\/ld+json\" class=\"yoast-schema-graph\">{\"@context\":\"https:\/\/schema.org\",\"@graph\":[{\"@type\":\"WebSite\",\"@id\":\"http:\/\/www.collectiviteslocales.gov.tn\/#website\",\"url\":\"http:\/\/www.collectiviteslocales.gov.tn\/\",\"name\":\"\\u0628\\u0648\\u0627\\u0628\\u0629 \\u0627\\u0644\\u062c\\u0645\\u0627\\u0639\\u0627\\u062a \\u0627\\u0644\\u0645\\u062d\\u0644\\u064a\\u0629\",\"description\":\"\\u0628\\u0648\\u0627\\u0628\\u0629 \\u0627\\u0644\\u062c\\u0645\\u0627\\u0639\\u0627\\u062a \\u0627\\u0644\\u0645\\u062d\\u0644\\u064a\\u0629\",\"potentialAction\":[{\"@type\":\"SearchAction\",\"target\":\"http:\/\/www.collectiviteslocales.gov.tn\/?s={search_term_string}\",\"query-input\":\"required name=search_term_string\"}],\"inLanguage\":\"fr-FR\"},{\"@type\":\"WebPage\",\"@id\":\"http:\/\/www.collectiviteslocales.gov.tn\/pai-des-communes\/#webpage\",\"url\":\"http:\/\/www.collectiviteslocales.gov.tn\/pai-des-communes\/\",\"name\":\"PAI des communes - \\u0628\\u0648\\u0627\\u0628\\u0629 \\u0627\\u0644\\u062c\\u0645\\u0627\\u0639\\u0627\\u062a \\u0627\\u0644\\u0645\\u062d\\u0644\\u064a\\u0629\",\"isPartOf\":{\"@id\":\"http:\/\/www.collectiviteslocales.gov.tn\/#website\"},\"datePublished\":\"2018-11-12T15:42:49+00:00\",\"dateModified\":\"2019-03-21T08:25:45+00:00\",\"breadcrumb\":{\"@id\":\"http:\/\/www.collectiviteslocales.gov.tn\/pai-des-communes\/#breadcrumb\"},\"inLanguage\":\"fr-FR\",\"potentialAction\":[{\"@type\":\"ReadAction\",\"target\":[\"http:\/\/www.collectiviteslocales.gov.tn\/pai-des-communes\/\"]}]},{\"@type\":\"BreadcrumbList\",\"@id\":\"http:\/\/www.collectiviteslocales.gov.tn\/pai-des-communes\/#breadcrumb\",\"itemListElement\":[{\"@type\":\"ListItem\",\"position\":1,\"item\":{\"@type\":\"WebPage\",\"@id\":\"http:\/\/www.collectiviteslocales.gov.tn\/\",\"url\":\"http:\/\/www.collectiviteslocales.gov.tn\/\",\"name\":\"Accueil\"}},{\"@type\":\"ListItem\",\"position\":2,\"item\":{\"@id\":\"http:\/\/www.collectiviteslocales.gov.tn\/pai-des-communes\/#webpage\"}}]}]}<\/script>\n<!-- \/ Yoast SEO plugin. -->","_links":{"self":[{"href":"http:\/\/www.collectiviteslocales.gov.tn\/fr\/wp-json\/wp\/v2\/pages\/960"}],"collection":[{"href":"http:\/\/www.collectiviteslocales.gov.tn\/fr\/wp-json\/wp\/v2\/pages"}],"about":[{"href":"http:\/\/www.collectiviteslocales.gov.tn\/fr\/wp-json\/wp\/v2\/types\/page"}],"author":[{"embeddable":true,"href":"http:\/\/www.collectiviteslocales.gov.tn\/fr\/wp-json\/wp\/v2\/users\/1"}],"replies":[{"embeddable":true,"href":"http:\/\/www.collectiviteslocales.gov.tn\/fr\/wp-json\/wp\/v2\/comments?post=960"}],"version-history":[{"count":4,"href":"http:\/\/www.collectiviteslocales.gov.tn\/fr\/wp-json\/wp\/v2\/pages\/960\/revisions"}],"predecessor-version":[{"id":3105,"href":"http:\/\/www.collectiviteslocales.gov.tn\/fr\/wp-json\/wp\/v2\/pages\/960\/revisions\/3105"}],"wp:attachment":[{"href":"http:\/\/www.collectiviteslocales.gov.tn\/fr\/wp-json\/wp\/v2\/media?parent=960"}],"curies":[{"name":"wp","href":"https:\/\/api.w.org\/{rel}","templated":true}]}}