{"id":977,"date":"2020-10-10T16:49:00","date_gmt":"2020-10-10T15:49:00","guid":{"rendered":"http:\/\/www.collectiviteslocales.gov.tn\/?page_id=977"},"modified":"2020-10-21T14:33:11","modified_gmt":"2020-10-21T13:33:11","slug":"cpscl","status":"publish","type":"page","link":"http:\/\/www.collectiviteslocales.gov.tn\/fr\/cpscl\/","title":{"rendered":"Centre de Formation et d&rsquo;Appui \u00e0 la D\u00e9centralisation"},"content":{"rendered":"\n<h4 class=\"has-vivid-red-color has-text-color\"><\/h4>\n\n\n\n<div class=\"wp-block-image\"><figure class=\"aligncenter size-large\"><a href=\"http:\/\/www.cfad.tn\/fr\/index.php\"><img loading=\"lazy\" width=\"918\" height=\"348\" src=\"http:\/\/www.collectiviteslocales.gov.tn\/wp-content\/uploads\/2019\/12\/cfad.png\" alt=\"\" class=\"wp-image-4092\" srcset=\"http:\/\/www.collectiviteslocales.gov.tn\/wp-content\/uploads\/2019\/12\/cfad.png 918w, http:\/\/www.collectiviteslocales.gov.tn\/wp-content\/uploads\/2019\/12\/cfad-300x114.png 300w, http:\/\/www.collectiviteslocales.gov.tn\/wp-content\/uploads\/2019\/12\/cfad-768x291.png 768w\" sizes=\"(max-width: 918px) 100vw, 918px\" \/><\/a><\/figure><\/div>\n\n\n<div class=\"clear\"><\/div><div class=\"toggle open\"><h3 class=\"toggle-head-open\">Pr\u00e9sentation de la structure<i class=\"fa fa-angle-up\"><\/i><\/h3><h3 class=\"toggle-head-close\">Pr\u00e9sentation de la structure<i class=\"fa fa-angle-down\"><\/i><\/h3><div class=\"toggle-content\">\n\t\t\tInscrit dans la constitution de 2014 et le chapitre 7 \u00ab Pouvoir Local \u00bb, le processus de d\u00e9centralisation et de renforcement de l\u2019autonomie des collectivit\u00e9s locales vise \u00e0 entra\u00eener un transfert de t\u00e2ches, de comp\u00e9tences et de ressources. Pour le gouvernement et les collectivit\u00e9s locales, cette d\u00e9marche engendre de nouveaux enjeux d\u2019ordre politique, institutionnel, administratif, financier et technique.<\/p>\n<p>Les besoins en termes de ressources humaines qualifi\u00e9es est probant et \u00e9toffer le personnel \u00e0 la fois au niveau des municipalit\u00e9s que des collectivit\u00e9s r\u00e9gionales et du district devient imp\u00e9ratif.\n\t\t\t<\/div><\/div>\n\n\n<div class=\"clear\"><\/div><div class=\"toggle close\"><h3 class=\"toggle-head-open\">Contexte d\u2019intervention<i class=\"fa fa-angle-up\"><\/i><\/h3><h3 class=\"toggle-head-close\">Contexte d\u2019intervention<i class=\"fa fa-angle-down\"><\/i><\/h3><div class=\"toggle-content\">\n\t\t\t le Centre de Formation et d\u2019Appui \u00e0 la D\u00e9centralisation (CFAD) joue un r\u00f4le central. La r\u00e9ussite du nouveau dispositif constitutionnel et politique de la d\u00e9centralisation d\u00e9pend, en grande partie, de l\u2019action de formation et de perfectionnement des agents et cadres des collectivit\u00e9s locales.<\/p>\n<p>La mission du centre est au c\u0153ur de cet enjeu. Cr\u00e9\u00e9 depuis 1994, il a pour objectif de former des agents et des cadres des gouvernorats et des municipalit\u00e9s ainsi que des agents de l\u2019administration centrale sur des sujets ayant trait \u00e0 l\u2019action communale et r\u00e9gionale. Depuis le 15 mars 2016, conform\u00e9ment \u00e0 l\u2019article 7 du d\u00e9cret gouvernemental n\u00b0 2016- 365, le centre est rattach\u00e9 au minist\u00e8re des affaires locales.<\/p>\n<p>Le projet du CFAD vise \u00e9galement \u00e0 cr\u00e9er et d\u00e9velopper une \u00e9quipe de formateurs au niveau national et r\u00e9gional pour fournir des services de formation au plus pr\u00e8s des besoins des collectivit\u00e9s locales.<\/p>\n<p>En ce sens, il assure une panoplie d\u2019actions de d\u00e9veloppement de comp\u00e9tences, d\u2019accompagnement et de formations pour les agents et ce en proposant :<\/p>\n<p>Une identification des besoins de formation aupr\u00e8s des collectivit\u00e9s locales,<br \/>\nUn plan annuel de formation ex\u00e9cut\u00e9 dans ses locaux \u00e0 Tunis et aussi dans les r\u00e9gions,<br \/>\nLa formation des agents et des cadres des gouvernorats et des municipalit\u00e9s ainsi que des agents de l\u2019administration centrale sur des sujets ayant trait \u00e0 l\u2019action communale et r\u00e9gionale,<br \/>\nLe perfectionnement des cadres r\u00e9gionaux et municipaux et des agents nouvellement recrut\u00e9s,<br \/>\nL\u2019organisation de s\u00e9minaires et de journ\u00e9es d\u2019\u00e9tudes au profit des conseillers municipaux et des membres des conseils r\u00e9gionaux,<br \/>\nL\u2019organisation de sessions d\u2019\u00e9tudes au profit des cadres et agents candidats aux diff\u00e9rents concours et examens professionnels,<br \/>\nL\u2019organisation de stages,<br \/>\nLa r\u00e9alisation de travaux de recherches scientifiques, de documentations et de publications,<br \/>\nLa s\u00e9lection et le perfectionnement des formateurs,<br \/>\nLa r\u00e9alisation des missions de formation et de recherche qui lui sont confi\u00e9es par l\u2019autorit\u00e9 de tutelle.\n\t\t\t<\/div><\/div>\n\n\n\n<p><\/p>\n\n\n\n<div class=\"google-map \"><iframe width=\"600\" height=\"250\" frameborder=\"0\" scrolling=\"no\" marginheight=\"0\" marginwidth=\"0\" src=\"https:\/\/www.google.com\/maps\/embed?pb=!1m18!1m12!1m3!1d3193.7682235988345!2d10.175742114641357!3d36.82407357405635!2m3!1f0!2f0!3f0!3m2!1i1024!2i768!4f13.1!3m3!1m2!1s0x12fd3484386c556d%3A0x6a97be10eb0462d7!2sCFAD!5e0!3m2!1sen!2stn!4v1576683803302!5m2!1sen!2stn&amp;output=embed\"><\/iframe><\/div>\n","protected":false},"excerpt":{"rendered":"","protected":false},"author":5,"featured_media":0,"parent":0,"menu_order":0,"comment_status":"closed","ping_status":"closed","template":"","meta":[],"yoast_head":"<!-- This site is optimized with the Yoast SEO plugin v16.3 - https:\/\/yoast.com\/wordpress\/plugins\/seo\/ -->\n<title>Centre de Formation et d&#039;Appui \u00e0 la D\u00e9centralisation - \u0628\u0648\u0627\u0628\u0629 \u0627\u0644\u062c\u0645\u0627\u0639\u0627\u062a \u0627\u0644\u0645\u062d\u0644\u064a\u0629<\/title>\n<meta name=\"robots\" content=\"index, follow, max-snippet:-1, max-image-preview:large, max-video-preview:-1\" \/>\n<link rel=\"canonical\" href=\"http:\/\/www.collectiviteslocales.gov.tn\/fr\/cpscl\/\" \/>\n<meta property=\"og:locale\" content=\"fr_FR\" \/>\n<meta property=\"og:type\" content=\"article\" \/>\n<meta property=\"og:title\" content=\"Centre de Formation et d&#039;Appui \u00e0 la D\u00e9centralisation - \u0628\u0648\u0627\u0628\u0629 \u0627\u0644\u062c\u0645\u0627\u0639\u0627\u062a \u0627\u0644\u0645\u062d\u0644\u064a\u0629\" \/>\n<meta property=\"og:url\" content=\"http:\/\/www.collectiviteslocales.gov.tn\/cpscl\/\" \/>\n<meta property=\"og:site_name\" content=\"\u0628\u0648\u0627\u0628\u0629 \u0627\u0644\u062c\u0645\u0627\u0639\u0627\u062a \u0627\u0644\u0645\u062d\u0644\u064a\u0629\" \/>\n<meta property=\"article:modified_time\" content=\"2020-10-21T13:33:11+00:00\" \/>\n<meta property=\"og:image\" content=\"http:\/\/www.collectiviteslocales.gov.tn\/wp-content\/uploads\/2019\/12\/cfad.png\" \/>\n<meta name=\"twitter:card\" content=\"summary_large_image\" \/>\n<meta name=\"twitter:label1\" content=\"Dur\u00e9e de lecture est.\">\n\t<meta name=\"twitter:data1\" content=\"3 minutes\">\n<script type=\"application\/ld+json\" class=\"yoast-schema-graph\">{\"@context\":\"https:\/\/schema.org\",\"@graph\":[{\"@type\":\"WebSite\",\"@id\":\"http:\/\/www.collectiviteslocales.gov.tn\/#website\",\"url\":\"http:\/\/www.collectiviteslocales.gov.tn\/\",\"name\":\"\\u0628\\u0648\\u0627\\u0628\\u0629 \\u0627\\u0644\\u062c\\u0645\\u0627\\u0639\\u0627\\u062a \\u0627\\u0644\\u0645\\u062d\\u0644\\u064a\\u0629\",\"description\":\"\\u0628\\u0648\\u0627\\u0628\\u0629 \\u0627\\u0644\\u062c\\u0645\\u0627\\u0639\\u0627\\u062a \\u0627\\u0644\\u0645\\u062d\\u0644\\u064a\\u0629\",\"potentialAction\":[{\"@type\":\"SearchAction\",\"target\":\"http:\/\/www.collectiviteslocales.gov.tn\/?s={search_term_string}\",\"query-input\":\"required name=search_term_string\"}],\"inLanguage\":\"fr-FR\"},{\"@type\":\"ImageObject\",\"@id\":\"http:\/\/www.collectiviteslocales.gov.tn\/cpscl\/#primaryimage\",\"inLanguage\":\"fr-FR\",\"url\":\"http:\/\/www.collectiviteslocales.gov.tn\/wp-content\/uploads\/2019\/12\/cfad.png\",\"contentUrl\":\"http:\/\/www.collectiviteslocales.gov.tn\/wp-content\/uploads\/2019\/12\/cfad.png\",\"width\":918,\"height\":348},{\"@type\":\"WebPage\",\"@id\":\"http:\/\/www.collectiviteslocales.gov.tn\/cpscl\/#webpage\",\"url\":\"http:\/\/www.collectiviteslocales.gov.tn\/cpscl\/\",\"name\":\"Centre de Formation et d'Appui \\u00e0 la D\\u00e9centralisation - \\u0628\\u0648\\u0627\\u0628\\u0629 \\u0627\\u0644\\u062c\\u0645\\u0627\\u0639\\u0627\\u062a \\u0627\\u0644\\u0645\\u062d\\u0644\\u064a\\u0629\",\"isPartOf\":{\"@id\":\"http:\/\/www.collectiviteslocales.gov.tn\/#website\"},\"primaryImageOfPage\":{\"@id\":\"http:\/\/www.collectiviteslocales.gov.tn\/cpscl\/#primaryimage\"},\"datePublished\":\"2020-10-10T15:49:00+00:00\",\"dateModified\":\"2020-10-21T13:33:11+00:00\",\"breadcrumb\":{\"@id\":\"http:\/\/www.collectiviteslocales.gov.tn\/cpscl\/#breadcrumb\"},\"inLanguage\":\"fr-FR\",\"potentialAction\":[{\"@type\":\"ReadAction\",\"target\":[\"http:\/\/www.collectiviteslocales.gov.tn\/cpscl\/\"]}]},{\"@type\":\"BreadcrumbList\",\"@id\":\"http:\/\/www.collectiviteslocales.gov.tn\/cpscl\/#breadcrumb\",\"itemListElement\":[{\"@type\":\"ListItem\",\"position\":1,\"item\":{\"@type\":\"WebPage\",\"@id\":\"http:\/\/www.collectiviteslocales.gov.tn\/\",\"url\":\"http:\/\/www.collectiviteslocales.gov.tn\/\",\"name\":\"Accueil\"}},{\"@type\":\"ListItem\",\"position\":2,\"item\":{\"@id\":\"http:\/\/www.collectiviteslocales.gov.tn\/cpscl\/#webpage\"}}]}]}<\/script>\n<!-- \/ Yoast SEO plugin. -->","_links":{"self":[{"href":"http:\/\/www.collectiviteslocales.gov.tn\/fr\/wp-json\/wp\/v2\/pages\/977"}],"collection":[{"href":"http:\/\/www.collectiviteslocales.gov.tn\/fr\/wp-json\/wp\/v2\/pages"}],"about":[{"href":"http:\/\/www.collectiviteslocales.gov.tn\/fr\/wp-json\/wp\/v2\/types\/page"}],"author":[{"embeddable":true,"href":"http:\/\/www.collectiviteslocales.gov.tn\/fr\/wp-json\/wp\/v2\/users\/5"}],"replies":[{"embeddable":true,"href":"http:\/\/www.collectiviteslocales.gov.tn\/fr\/wp-json\/wp\/v2\/comments?post=977"}],"version-history":[{"count":4,"href":"http:\/\/www.collectiviteslocales.gov.tn\/fr\/wp-json\/wp\/v2\/pages\/977\/revisions"}],"predecessor-version":[{"id":8090,"href":"http:\/\/www.collectiviteslocales.gov.tn\/fr\/wp-json\/wp\/v2\/pages\/977\/revisions\/8090"}],"wp:attachment":[{"href":"http:\/\/www.collectiviteslocales.gov.tn\/fr\/wp-json\/wp\/v2\/media?parent=977"}],"curies":[{"name":"wp","href":"https:\/\/api.w.org\/{rel}","templated":true}]}}